{"id":24127,"date":"2025-07-10T19:01:55","date_gmt":"2025-07-10T19:01:55","guid":{"rendered":"https:\/\/vitablanca.ma\/product\/balea-mousse-a-raser-sensitive\/"},"modified":"2025-07-13T17:26:55","modified_gmt":"2025-07-13T17:26:55","slug":"balea-mousse-a-raser-sensitive","status":"publish","type":"product","link":"https:\/\/vitablanca.ma\/ar\/product-2\/balea-mousse-a-raser-sensitive\/","title":{"rendered":"\u0631\u063a\u0648\u0629 \u0627\u0644\u062d\u0644\u0627\u0642\u0629 \u0628\u0627\u0644\u064a\u0627 \u0644\u0644\u0631\u062c\u0627\u0644 \u0627\u0644\u062d\u0633\u0627\u0633\u0629 300 \u0645\u0644"},"content":{"rendered":"<h3><strong data-start=\"146\" data-end=\"193\">Rasage tout en douceur pour peaux sensibles\ud83e\ude92\u2728<\/strong><\/h3>\n<ul>\n<li>\u0644\u0644\u0628\u0634\u0631\u0629 \u0627\u0644\u062d\u0633\u0627\u0633\u0629<\/li>\n<li>Apaise &amp; prot\u00e8ge<\/li>\n<li>\u0645\u0639 \u0627\u0644\u0635\u0628\u0627\u0631<\/li>\n<li>\u0627\u0644\u062d\u062c\u0645: 300 \u0645\u0644<\/li>\n<\/ul>\n<h4><strong><span style=\"font-size: 11pt;line-height: 104%;font-family: 'Segoe UI Emoji', sans-serif\">\ud83d\udccc<\/span><span lang=\"EN-US\" style=\"font-size: 11pt;line-height: 104%;font-family: Arial, sans-serif\"> \u0648\u0635\u0641 \u0627\u0644\u0645\u0646\u062a\u062c<\/span><\/strong><\/h4>\n<p>La mousse \u00e0 raser Balea MEN sensitive ramollit rapidement les poils de barbe gr\u00e2ce \u00e0 sa formule riche, afin que la lame puisse glisser de mani\u00e8re optimale. Elle convient sp\u00e9cialement \u00e0 la peau masculine sensible, apaise et d\u00e9tend la peau &#8211; pour un rasage en douceur et agr\u00e9able. Il apporte une hydratation bienfaisante et la technologie douce garantit des r\u00e9sultats pr\u00e9cis et une peau sensiblement lisse et soign\u00e9e pendant le rasage. Formule sans microplastiques ni polym\u00e8res synth\u00e9tiques solubles dans l&rsquo;eau.<\/p>\n<h4><strong><span style=\"font-size: 11pt;line-height: 104%;font-family: 'Segoe UI Emoji', sans-serif\">\ud83d\udca1<\/span><span lang=\"EN-US\" style=\"font-size: 11pt;line-height: 104%;font-family: Arial, sans-serif\"> \u0637\u0631\u064a\u0642\u0629 \u0627\u0644\u0627\u0633\u062a\u062e\u062f\u0627\u0645<\/span><\/strong><\/h4>\n<p><span lang=\"EN-US\" style=\"font-size: 11pt;line-height: 104%;font-family: Arial, sans-serif\">Humidifier la peau avec de l&rsquo;eau. Bien agiter la bo\u00eete avant utilisation, la tenir en position verticale lors du retrait. Verser la mousse \u00e0 raser dans la main et l&rsquo;\u00e9taler uniform\u00e9ment sur la zone de la barbe. Rincer abondamment apr\u00e8s le rasage.<\/span><\/p>\n<h4><strong><span lang=\"EN-US\" style=\"font-size: 11pt;line-height: 104%;font-family: Arial, sans-serif\"><span lang=\"EN-US\" style=\"font-size: 11pt;line-height: 104%;font-family: 'Segoe UI Emoji', sans-serif\">\u26a0<\/span><span style=\"font-size: 11pt;line-height: 104%;font-family: Arial, sans-serif\">\ufe0f<\/span><span lang=\"EN-US\" style=\"font-size: 11pt;line-height: 104%;font-family: Arial, sans-serif\"> \u062a\u062d\u0630\u064a\u0631\u0627\u062a<\/span><\/span><\/strong><\/h4>\n<p><span lang=\"EN-US\" style=\"font-size: 11pt;line-height: 104%;font-family: Arial, sans-serif\"><span lang=\"EN-US\" style=\"font-size: 11pt;line-height: 104%;font-family: Arial, sans-serif\">ATTENTION : Le r\u00e9cipient est sous pression : peut \u00e9clater en cas d&rsquo;\u00e9chauffement. Prot\u00e9ger des rayons du soleil. Ne pas exposer \u00e0 des temp\u00e9ratures sup\u00e9rieures \u00e0 50 \u00b0C\/122 \u00b0F. Ne pas percer ou br\u00fbler, m\u00eame apr\u00e8s utilisation. Ne pas vaporiser dans les yeux. Tenir \u00e0 l&rsquo;\u00e9cart de la chaleur, des surfaces chaudes, des \u00e9tincelles, des flammes nues et de toute autre source d&rsquo;inflammation. Ne pas fumer. Ne pas laisser \u00e0 la port\u00e9e des enfants. Utiliser exclusivement conform\u00e9ment \u00e0 l&rsquo;usage pr\u00e9vu. Ne jeter que les bo\u00eetes vides dans la collecte des d\u00e9chets recyclables. Contient 4 % en masse de composants inflammables.<\/span><\/span><\/p>","protected":false},"excerpt":{"rendered":"<p>Rasage tout en douceur pour peaux sensibles\ud83e\ude92\u2728 Pour les peaux sensibles Apaise &amp; prot\u00e8ge Avec aloe vera Volume: 300 ml \ud83d\udccc Description du produit La mousse \u00e0 raser Balea MEN sensitive ramollit rapidement les poils de barbe gr\u00e2ce \u00e0 sa formule riche, afin que la lame puisse glisser de mani\u00e8re optimale. Elle convient sp\u00e9cialement \u00e0 [&hellip;]<\/p>\n","protected":false},"featured_media":24124,"template":"","meta":{"om_disable_all_campaigns":false},"product_brand":[3236],"product_cat":[18],"product_tag":[3237,3240,3238,3239,3241],"class_list":{"0":"post-24127","1":"product","2":"type-product","3":"status-publish","4":"has-post-thumbnail","6":"product_brand-balea-dm-prix-maroc","7":"product_cat-beaute-sante","8":"product_tag-balea","9":"product_tag-balea-dm","10":"product_tag-balea-maroc","11":"product_tag-balea-morocco","12":"product_tag-dm-maroc","14":"first","15":"instock","16":"taxable","17":"shipping-taxable","18":"purchasable","19":"product-type-simple"},"yoast_head":"<!-- This site is optimized with the Yoast SEO plugin v27.4 - https:\/\/yoast.com\/product\/yoast-seo-wordpress\/ -->\n<title>Balea Men Mousse \u00e0 raser Sensitive 300 ml - Maroc Prix<\/title>\n<meta name=\"description\" content=\"D\u00e9couvrez la mousse \u00e0 raser Balea MEN Sensitive 300 ml au Maroc. Sp\u00e9cialement con\u00e7ue pour peaux sensibles, elle offre un rasage doux, pr\u00e9vient\" \/>\n<meta name=\"robots\" content=\"index, follow, max-snippet:-1, max-image-preview:large, max-video-preview:-1\" \/>\n<link rel=\"canonical\" href=\"https:\/\/vitablanca.ma\/ar\/product-2\/balea-mousse-a-raser-sensitive\/\" \/>\n<meta property=\"og:locale\" content=\"ar_AR\" \/>\n<meta property=\"og:type\" content=\"article\" \/>\n<meta property=\"og:title\" content=\"Balea Men Mousse \u00e0 raser Sensitive 300 ml - Maroc Prix\" \/>\n<meta property=\"og:description\" content=\"D\u00e9couvrez la mousse \u00e0 raser Balea MEN Sensitive 300 ml au Maroc. Sp\u00e9cialement con\u00e7ue pour peaux sensibles, elle offre un rasage doux, pr\u00e9vient\" \/>\n<meta property=\"og:url\" content=\"https:\/\/vitablanca.ma\/ar\/product-2\/balea-mousse-a-raser-sensitive\/\" \/>\n<meta property=\"og:site_name\" content=\"Vitablanca.ma &ndash; Sant&eacute;, vitalit&eacute; et bien-&ecirc;tre pour tous les Marocains\" \/>\n<meta property=\"article:publisher\" content=\"https:\/\/www.facebook.com\/profile.php?id=61576678196717\" \/>\n<meta property=\"article:modified_time\" content=\"2025-07-13T17:26:55+00:00\" \/>\n<meta property=\"og:image\" content=\"https:\/\/vitablanca.ma\/wp-content\/uploads\/2025\/07\/4058172925658-2950472.png\" \/>\n\t<meta property=\"og:image:width\" content=\"1200\" \/>\n\t<meta property=\"og:image:height\" content=\"1200\" \/>\n\t<meta property=\"og:image:type\" content=\"image\/png\" \/>\n<meta name=\"twitter:card\" content=\"summary_large_image\" \/>\n<meta name=\"twitter:label1\" content=\"\u0648\u0642\u062a \u0627\u0644\u0642\u0631\u0627\u0621\u0629 \u0627\u0644\u0645\u064f\u0642\u062f\u0651\u0631\" \/>\n\t<meta name=\"twitter:data1\" content=\"\u062f\u0642\u064a\u0642\u062a\u0627\u0646\" \/>\n<script type=\"application\/ld+json\" class=\"yoast-schema-graph\">{\"@context\":\"https:\\\/\\\/schema.org\",\"@graph\":[{\"@type\":[\"WebPage\",\"ItemPage\"],\"@id\":\"https:\\\/\\\/vitablanca.ma\\\/produit\\\/balea-mousse-a-raser-sensitive\\\/\",\"url\":\"https:\\\/\\\/vitablanca.ma\\\/produit\\\/balea-mousse-a-raser-sensitive\\\/\",\"name\":\"Balea Men Mousse \u00e0 raser Sensitive 300 ml - Maroc Prix\",\"isPartOf\":{\"@id\":\"https:\\\/\\\/vitablanca.ma\\\/#website\"},\"primaryImageOfPage\":{\"@id\":\"https:\\\/\\\/vitablanca.ma\\\/produit\\\/balea-mousse-a-raser-sensitive\\\/#primaryimage\"},\"image\":{\"@id\":\"https:\\\/\\\/vitablanca.ma\\\/produit\\\/balea-mousse-a-raser-sensitive\\\/#primaryimage\"},\"thumbnailUrl\":\"https:\\\/\\\/vitablanca.ma\\\/wp-content\\\/uploads\\\/2025\\\/07\\\/4058172925658-2950472.png\",\"datePublished\":\"2025-07-10T19:01:55+00:00\",\"dateModified\":\"2025-07-13T17:26:55+00:00\",\"description\":\"D\u00e9couvrez la mousse \u00e0 raser Balea MEN Sensitive 300 ml au Maroc. Sp\u00e9cialement con\u00e7ue pour peaux sensibles, elle offre un rasage doux, pr\u00e9vient\",\"breadcrumb\":{\"@id\":\"https:\\\/\\\/vitablanca.ma\\\/produit\\\/balea-mousse-a-raser-sensitive\\\/#breadcrumb\"},\"inLanguage\":\"ar\",\"potentialAction\":[{\"@type\":\"ReadAction\",\"target\":[\"https:\\\/\\\/vitablanca.ma\\\/produit\\\/balea-mousse-a-raser-sensitive\\\/\"]}]},{\"@type\":\"ImageObject\",\"inLanguage\":\"ar\",\"@id\":\"https:\\\/\\\/vitablanca.ma\\\/produit\\\/balea-mousse-a-raser-sensitive\\\/#primaryimage\",\"url\":\"https:\\\/\\\/vitablanca.ma\\\/wp-content\\\/uploads\\\/2025\\\/07\\\/4058172925658-2950472.png\",\"contentUrl\":\"https:\\\/\\\/vitablanca.ma\\\/wp-content\\\/uploads\\\/2025\\\/07\\\/4058172925658-2950472.png\",\"width\":1200,\"height\":1200},{\"@type\":\"BreadcrumbList\",\"@id\":\"https:\\\/\\\/vitablanca.ma\\\/produit\\\/balea-mousse-a-raser-sensitive\\\/#breadcrumb\",\"itemListElement\":[{\"@type\":\"ListItem\",\"position\":1,\"name\":\"Home\",\"item\":\"https:\\\/\\\/vitablanca.ma\\\/\"},{\"@type\":\"ListItem\",\"position\":2,\"name\":\"Tous Les Produits\",\"item\":\"https:\\\/\\\/vitablanca.ma\\\/tous-les-produits\\\/\"},{\"@type\":\"ListItem\",\"position\":3,\"name\":\"Balea Men Mousse \u00e0 raser Sensitive 300 ml\"}]},{\"@type\":\"WebSite\",\"@id\":\"https:\\\/\\\/vitablanca.ma\\\/#website\",\"url\":\"https:\\\/\\\/vitablanca.ma\\\/\",\"name\":\"VitaBlanca.ma | Compl\u00e9ments alimentaires, sant\u00e9 & beaut\u00e9 au Maroc\",\"description\":\"vendre vitamines et compl\u00e9ments premium des USA &amp; Canada, Nouvelle Z\u00e9lande,Maroc (NOW Foods, Solgar, Manuka). Livraison rapide partout au Maroc.\",\"publisher\":{\"@id\":\"https:\\\/\\\/vitablanca.ma\\\/#organization\"},\"alternateName\":\"VitaBlanca.ma\",\"potentialAction\":[{\"@type\":\"SearchAction\",\"target\":{\"@type\":\"EntryPoint\",\"urlTemplate\":\"https:\\\/\\\/vitablanca.ma\\\/?s={search_term_string}\"},\"query-input\":{\"@type\":\"PropertyValueSpecification\",\"valueRequired\":true,\"valueName\":\"search_term_string\"}}],\"inLanguage\":\"ar\"},{\"@type\":\"Organization\",\"@id\":\"https:\\\/\\\/vitablanca.ma\\\/#organization\",\"name\":\"VitaBlanca\",\"url\":\"https:\\\/\\\/vitablanca.ma\\\/\",\"logo\":{\"@type\":\"ImageObject\",\"inLanguage\":\"ar\",\"@id\":\"https:\\\/\\\/vitablanca.ma\\\/#\\\/schema\\\/logo\\\/image\\\/\",\"url\":\"https:\\\/\\\/vitablanca.ma\\\/wp-content\\\/uploads\\\/2025\\\/05\\\/cropped-vitablanca.png\",\"contentUrl\":\"https:\\\/\\\/vitablanca.ma\\\/wp-content\\\/uploads\\\/2025\\\/05\\\/cropped-vitablanca.png\",\"width\":360,\"height\":67,\"caption\":\"VitaBlanca\"},\"image\":{\"@id\":\"https:\\\/\\\/vitablanca.ma\\\/#\\\/schema\\\/logo\\\/image\\\/\"},\"sameAs\":[\"https:\\\/\\\/www.facebook.com\\\/profile.php?id=61576678196717\",\"https:\\\/\\\/www.tiktok.com\\\/@vitablanca.ma\",\"https:\\\/\\\/www.instagram.com\\\/vitablanca.ma\\\/\"]}]}<\/script>\n<!-- \/ Yoast SEO plugin. -->","yoast_head_json":{"title":"Balea Men Mousse \u00e0 raser Sensitive 300 ml - Maroc Prix","description":"D\u00e9couvrez la mousse \u00e0 raser Balea MEN Sensitive 300 ml au Maroc. Sp\u00e9cialement con\u00e7ue pour peaux sensibles, elle offre un rasage doux, pr\u00e9vient","robots":{"index":"index","follow":"follow","max-snippet":"max-snippet:-1","max-image-preview":"max-image-preview:large","max-video-preview":"max-video-preview:-1"},"canonical":"https:\/\/vitablanca.ma\/ar\/product-2\/balea-mousse-a-raser-sensitive\/","og_locale":"ar_AR","og_type":"article","og_title":"Balea Men Mousse \u00e0 raser Sensitive 300 ml - Maroc Prix","og_description":"D\u00e9couvrez la mousse \u00e0 raser Balea MEN Sensitive 300 ml au Maroc. Sp\u00e9cialement con\u00e7ue pour peaux sensibles, elle offre un rasage doux, pr\u00e9vient","og_url":"https:\/\/vitablanca.ma\/ar\/product-2\/balea-mousse-a-raser-sensitive\/","og_site_name":"Vitablanca.ma &ndash; Sant&eacute;, vitalit&eacute; et bien-&ecirc;tre pour tous les Marocains","article_publisher":"https:\/\/www.facebook.com\/profile.php?id=61576678196717","article_modified_time":"2025-07-13T17:26:55+00:00","og_image":[{"width":1200,"height":1200,"url":"https:\/\/vitablanca.ma\/wp-content\/uploads\/2025\/07\/4058172925658-2950472.png","type":"image\/png"}],"twitter_card":"summary_large_image","twitter_misc":{"\u0648\u0642\u062a \u0627\u0644\u0642\u0631\u0627\u0621\u0629 \u0627\u0644\u0645\u064f\u0642\u062f\u0651\u0631":"\u062f\u0642\u064a\u0642\u062a\u0627\u0646"},"schema":{"@context":"https:\/\/schema.org","@graph":[{"@type":["WebPage","ItemPage"],"@id":"https:\/\/vitablanca.ma\/produit\/balea-mousse-a-raser-sensitive\/","url":"https:\/\/vitablanca.ma\/produit\/balea-mousse-a-raser-sensitive\/","name":"Balea Men Mousse \u00e0 raser Sensitive 300 ml - Maroc Prix","isPartOf":{"@id":"https:\/\/vitablanca.ma\/#website"},"primaryImageOfPage":{"@id":"https:\/\/vitablanca.ma\/produit\/balea-mousse-a-raser-sensitive\/#primaryimage"},"image":{"@id":"https:\/\/vitablanca.ma\/produit\/balea-mousse-a-raser-sensitive\/#primaryimage"},"thumbnailUrl":"https:\/\/vitablanca.ma\/wp-content\/uploads\/2025\/07\/4058172925658-2950472.png","datePublished":"2025-07-10T19:01:55+00:00","dateModified":"2025-07-13T17:26:55+00:00","description":"D\u00e9couvrez la mousse \u00e0 raser Balea MEN Sensitive 300 ml au Maroc. Sp\u00e9cialement con\u00e7ue pour peaux sensibles, elle offre un rasage doux, pr\u00e9vient","breadcrumb":{"@id":"https:\/\/vitablanca.ma\/produit\/balea-mousse-a-raser-sensitive\/#breadcrumb"},"inLanguage":"ar","potentialAction":[{"@type":"ReadAction","target":["https:\/\/vitablanca.ma\/produit\/balea-mousse-a-raser-sensitive\/"]}]},{"@type":"ImageObject","inLanguage":"ar","@id":"https:\/\/vitablanca.ma\/produit\/balea-mousse-a-raser-sensitive\/#primaryimage","url":"https:\/\/vitablanca.ma\/wp-content\/uploads\/2025\/07\/4058172925658-2950472.png","contentUrl":"https:\/\/vitablanca.ma\/wp-content\/uploads\/2025\/07\/4058172925658-2950472.png","width":1200,"height":1200},{"@type":"BreadcrumbList","@id":"https:\/\/vitablanca.ma\/produit\/balea-mousse-a-raser-sensitive\/#breadcrumb","itemListElement":[{"@type":"ListItem","position":1,"name":"Home","item":"https:\/\/vitablanca.ma\/"},{"@type":"ListItem","position":2,"name":"Tous Les Produits","item":"https:\/\/vitablanca.ma\/tous-les-produits\/"},{"@type":"ListItem","position":3,"name":"Balea Men Mousse \u00e0 raser Sensitive 300 ml"}]},{"@type":"WebSite","@id":"https:\/\/vitablanca.ma\/#website","url":"https:\/\/vitablanca.ma\/","name":"VitaBlanca.ma | \u0627\u0644\u0645\u0643\u0645\u0644\u0627\u062a \u0627\u0644\u063a\u0630\u0627\u0626\u064a\u0629\u060c \u0627\u0644\u0635\u062d\u0629 \u0648\u0627\u0644\u062c\u0645\u0627\u0644 \u0641\u064a \u0627\u0644\u0645\u063a\u0631\u0628","description":"\u0646\u0628\u064a\u0639 \u0641\u064a\u062a\u0627\u0645\u064a\u0646\u0627\u062a \u0648\u0645\u0643\u0645\u0644\u0627\u062a \u063a\u0630\u0627\u0626\u064a\u0629 \u0641\u0627\u062e\u0631\u0629 \u0645\u0646 \u0627\u0644\u0648\u0644\u0627\u064a\u0627\u062a \u0627\u0644\u0645\u062a\u062d\u062f\u0629 \u0627\u0644\u0623\u0645\u0631\u064a\u0643\u064a\u0629 \u0648\u0643\u0646\u062f\u0627 \u0648\u0646\u064a\u0648\u0632\u064a\u0644\u0646\u062f\u0627 \u0648\u0627\u0644\u0645\u063a\u0631\u0628 (\u0646\u0627\u0648 \u0641\u0648\u062f\u0632\u060c \u0633\u0648\u0644\u062c\u0627\u0631\u060c \u0645\u0627\u0646\u0648\u0643\u0627). \u062a\u0648\u0635\u064a\u0644 \u0633\u0631\u064a\u0639 \u0625\u0644\u0649 \u062c\u0645\u064a\u0639 \u0623\u0646\u062d\u0627\u0621 \u0627\u0644\u0645\u063a\u0631\u0628.","publisher":{"@id":"https:\/\/vitablanca.ma\/#organization"},"alternateName":"VitaBlanca.ma","potentialAction":[{"@type":"SearchAction","target":{"@type":"EntryPoint","urlTemplate":"https:\/\/vitablanca.ma\/?s={search_term_string}"},"query-input":{"@type":"PropertyValueSpecification","valueRequired":true,"valueName":"search_term_string"}}],"inLanguage":"ar"},{"@type":"Organization","@id":"https:\/\/vitablanca.ma\/#organization","name":"\u0641\u064a\u062a\u0627\u0628\u0644\u0627\u0646\u0643\u0627","url":"https:\/\/vitablanca.ma\/","logo":{"@type":"ImageObject","inLanguage":"ar","@id":"https:\/\/vitablanca.ma\/#\/schema\/logo\/image\/","url":"https:\/\/vitablanca.ma\/wp-content\/uploads\/2025\/05\/cropped-vitablanca.png","contentUrl":"https:\/\/vitablanca.ma\/wp-content\/uploads\/2025\/05\/cropped-vitablanca.png","width":360,"height":67,"caption":"VitaBlanca"},"image":{"@id":"https:\/\/vitablanca.ma\/#\/schema\/logo\/image\/"},"sameAs":["https:\/\/www.facebook.com\/profile.php?id=61576678196717","https:\/\/www.tiktok.com\/@vitablanca.ma","https:\/\/www.instagram.com\/vitablanca.ma\/"]}]}},"jetpack_sharing_enabled":true,"_links":{"self":[{"href":"https:\/\/vitablanca.ma\/ar\/wp-json\/wp\/v2\/product\/24127","targetHints":{"allow":["GET"]}}],"collection":[{"href":"https:\/\/vitablanca.ma\/ar\/wp-json\/wp\/v2\/product"}],"about":[{"href":"https:\/\/vitablanca.ma\/ar\/wp-json\/wp\/v2\/types\/product"}],"wp:featuredmedia":[{"embeddable":true,"href":"https:\/\/vitablanca.ma\/ar\/wp-json\/wp\/v2\/media\/24124"}],"wp:attachment":[{"href":"https:\/\/vitablanca.ma\/ar\/wp-json\/wp\/v2\/media?parent=24127"}],"wp:term":[{"taxonomy":"product_brand","embeddable":true,"href":"https:\/\/vitablanca.ma\/ar\/wp-json\/wp\/v2\/product_brand?post=24127"},{"taxonomy":"product_cat","embeddable":true,"href":"https:\/\/vitablanca.ma\/ar\/wp-json\/wp\/v2\/product_cat?post=24127"},{"taxonomy":"product_tag","embeddable":true,"href":"https:\/\/vitablanca.ma\/ar\/wp-json\/wp\/v2\/product_tag?post=24127"}],"curies":[{"name":"wp","href":"https:\/\/api.w.org\/{rel}","templated":true}]}}